{"id":23693,"date":"2021-03-25T10:16:37","date_gmt":"2021-03-25T10:16:37","guid":{"rendered":"https:\/\/www.bellevueetmediterranee.it\/accueil\/"},"modified":"2026-04-30T07:23:22","modified_gmt":"2026-04-30T07:23:22","slug":"accueil","status":"publish","type":"page","link":"https:\/\/www.bellevueetmediterranee.it\/fr\/","title":{"rendered":"Accueil"},"content":{"rendered":"\t\t<div data-elementor-type=\"wp-page\" data-elementor-id=\"23693\" class=\"elementor elementor-23693 elementor-701\" data-elementor-post-type=\"page\">\n\t\t\t\t<div class=\"elementor-element elementor-element-147a956 e-con-full e-flex e-con e-parent\" data-id=\"147a956\" data-element_type=\"container\" data-e-type=\"container\" data-settings=\"{&quot;background_background&quot;:&quot;slideshow&quot;,&quot;background_slideshow_gallery&quot;:[{&quot;id&quot;:23591,&quot;url&quot;:&quot;https:\\\/\\\/www.bellevueetmediterranee.it\\\/wp-content\\\/uploads\\\/2025\\\/04\\\/Bellevue_08-23-110-scaled.jpg&quot;},{&quot;id&quot;:23676,&quot;url&quot;:&quot;https:\\\/\\\/www.bellevueetmediterranee.it\\\/wp-content\\\/uploads\\\/2025\\\/04\\\/Bellevue_08-23-21-scaled.jpg&quot;},{&quot;id&quot;:23677,&quot;url&quot;:&quot;https:\\\/\\\/www.bellevueetmediterranee.it\\\/wp-content\\\/uploads\\\/2025\\\/04\\\/Bellevue_08-23-23-scaled.jpg&quot;},{&quot;id&quot;:23678,&quot;url&quot;:&quot;https:\\\/\\\/www.bellevueetmediterranee.it\\\/wp-content\\\/uploads\\\/2025\\\/04\\\/Bellevue_08-23-29-scaled.jpg&quot;}],&quot;background_slideshow_lazyload&quot;:&quot;yes&quot;,&quot;background_slideshow_ken_burns&quot;:&quot;yes&quot;,&quot;background_slideshow_ken_burns_zoom_direction&quot;:&quot;out&quot;,&quot;background_slideshow_loop&quot;:&quot;yes&quot;,&quot;background_slideshow_slide_duration&quot;:5000,&quot;background_slideshow_slide_transition&quot;:&quot;fade&quot;,&quot;background_slideshow_transition_duration&quot;:500}\">\n\t\t<div class=\"elementor-element elementor-element-34c47eb e-con-full e-flex elementor-invisible e-con e-child\" data-id=\"34c47eb\" data-element_type=\"container\" data-e-type=\"container\" data-settings=\"{&quot;animation&quot;:&quot;fadeIn&quot;}\">\n\t\t\t\t<div class=\"elementor-element elementor-element-33cd0eb elementor-widget-mobile__width-initial elementor-widget elementor-widget-image\" data-id=\"33cd0eb\" data-element_type=\"widget\" data-e-type=\"widget\" data-widget_type=\"image.default\">\n\t\t\t\t<div class=\"elementor-widget-container\">\n\t\t\t\t\t\t\t\t\t\t\t\t\t\t\t<img decoding=\"async\" width=\"120\" height=\"190\" src=\"https:\/\/www.bellevueetmediterranee.it\/wp-content\/uploads\/2025\/04\/HB-4stelle-giallo.png\" class=\"attachment-full size-full wp-image-23675\" alt=\"\" \/>\t\t\t\t\t\t\t\t\t\t\t\t\t\t\t<\/div>\n\t\t\t\t<\/div>\n\t\t\t\t<div class=\"elementor-element elementor-element-86e5cd3 elementor-widget elementor-widget-heading\" data-id=\"86e5cd3\" data-element_type=\"widget\" data-e-type=\"widget\" data-widget_type=\"heading.default\">\n\t\t\t\t<div class=\"elementor-widget-container\">\n\t\t\t\t\t<h2 class=\"elementor-heading-title elementor-size-default\">H\u00f4tel de tradition sur la Riviera Ligure occidentale<\/h2>\t\t\t\t<\/div>\n\t\t\t\t<\/div>\n\t\t\t\t<div class=\"elementor-element elementor-element-580e52a elementor-widget elementor-widget-heading\" data-id=\"580e52a\" data-element_type=\"widget\" data-e-type=\"widget\" data-widget_type=\"heading.default\">\n\t\t\t\t<div class=\"elementor-widget-container\">\n\t\t\t\t\t<h2 class=\"elementor-heading-title elementor-size-default\">pour vos vacances en bord de mer \u00e0 Diano Marina<\/h2>\t\t\t\t<\/div>\n\t\t\t\t<\/div>\n\t\t\t\t<\/div>\n\t\t\t\t<\/div>\n\t\t<div class=\"elementor-element elementor-element-d918371 animated-slow e-flex e-con-boxed elementor-invisible e-con e-parent\" data-id=\"d918371\" data-element_type=\"container\" data-e-type=\"container\" data-settings=\"{&quot;background_background&quot;:&quot;classic&quot;,&quot;animation&quot;:&quot;fadeIn&quot;}\">\n\t\t\t\t\t<div class=\"e-con-inner\">\n\t\t<div class=\"elementor-element elementor-element-733fe85 e-con-full e-flex e-con e-child\" data-id=\"733fe85\" data-element_type=\"container\" data-e-type=\"container\">\n\t\t\t\t<div class=\"elementor-element elementor-element-f2c5c6b elementor-widget elementor-widget-image\" data-id=\"f2c5c6b\" data-element_type=\"widget\" data-e-type=\"widget\" data-widget_type=\"image.default\">\n\t\t\t\t<div class=\"elementor-widget-container\">\n\t\t\t\t\t\t\t\t\t\t\t\t\t\t\t<img fetchpriority=\"high\" decoding=\"async\" width=\"2560\" height=\"1707\" src=\"https:\/\/www.bellevueetmediterranee.it\/wp-content\/uploads\/2025\/04\/Bellevue_08-23-3-scaled.jpg\" class=\"attachment-full size-full wp-image-23590\" alt=\"\" srcset=\"https:\/\/www.bellevueetmediterranee.it\/wp-content\/uploads\/2025\/04\/Bellevue_08-23-3-scaled.jpg 2560w, https:\/\/www.bellevueetmediterranee.it\/wp-content\/uploads\/2025\/04\/Bellevue_08-23-3-scaled-600x400.jpg 600w, https:\/\/www.bellevueetmediterranee.it\/wp-content\/uploads\/2025\/04\/Bellevue_08-23-3-300x200.jpg 300w, https:\/\/www.bellevueetmediterranee.it\/wp-content\/uploads\/2025\/04\/Bellevue_08-23-3-1024x683.jpg 1024w, https:\/\/www.bellevueetmediterranee.it\/wp-content\/uploads\/2025\/04\/Bellevue_08-23-3-768x512.jpg 768w, https:\/\/www.bellevueetmediterranee.it\/wp-content\/uploads\/2025\/04\/Bellevue_08-23-3-1536x1024.jpg 1536w, https:\/\/www.bellevueetmediterranee.it\/wp-content\/uploads\/2025\/04\/Bellevue_08-23-3-2048x1365.jpg 2048w\" sizes=\"(max-width: 2560px) 100vw, 2560px\" \/>\t\t\t\t\t\t\t\t\t\t\t\t\t\t\t<\/div>\n\t\t\t\t<\/div>\n\t\t\t\t<div class=\"elementor-element elementor-element-5b2555b elementor-widget__width-initial elementor-invisible elementor-widget elementor-widget-image\" data-id=\"5b2555b\" data-element_type=\"widget\" data-e-type=\"widget\" data-settings=\"{&quot;_animation&quot;:&quot;fadeIn&quot;}\" data-widget_type=\"image.default\">\n\t\t\t\t<div class=\"elementor-widget-container\">\n\t\t\t\t\t\t\t\t\t\t\t\t\t\t\t<img decoding=\"async\" width=\"2560\" height=\"1707\" src=\"https:\/\/www.bellevueetmediterranee.it\/wp-content\/uploads\/2025\/04\/Bellevue_08-23-8-scaled.jpg\" class=\"attachment-full size-full wp-image-23586\" alt=\"\" srcset=\"https:\/\/www.bellevueetmediterranee.it\/wp-content\/uploads\/2025\/04\/Bellevue_08-23-8-scaled.jpg 2560w, https:\/\/www.bellevueetmediterranee.it\/wp-content\/uploads\/2025\/04\/Bellevue_08-23-8-300x200.jpg 300w, https:\/\/www.bellevueetmediterranee.it\/wp-content\/uploads\/2025\/04\/Bellevue_08-23-8-1024x683.jpg 1024w, https:\/\/www.bellevueetmediterranee.it\/wp-content\/uploads\/2025\/04\/Bellevue_08-23-8-768x512.jpg 768w, https:\/\/www.bellevueetmediterranee.it\/wp-content\/uploads\/2025\/04\/Bellevue_08-23-8-1536x1024.jpg 1536w, https:\/\/www.bellevueetmediterranee.it\/wp-content\/uploads\/2025\/04\/Bellevue_08-23-8-2048x1365.jpg 2048w, https:\/\/www.bellevueetmediterranee.it\/wp-content\/uploads\/2025\/04\/Bellevue_08-23-8-600x400.jpg 600w\" sizes=\"(max-width: 2560px) 100vw, 2560px\" \/>\t\t\t\t\t\t\t\t\t\t\t\t\t\t\t<\/div>\n\t\t\t\t<\/div>\n\t\t\t\t<\/div>\n\t\t<div class=\"elementor-element elementor-element-ede1a28 e-con-full e-flex e-con e-child\" data-id=\"ede1a28\" data-element_type=\"container\" data-e-type=\"container\">\n\t\t\t\t<div class=\"elementor-element elementor-element-474bdfe elementor-widget elementor-widget-heading\" data-id=\"474bdfe\" data-element_type=\"widget\" data-e-type=\"widget\" data-widget_type=\"heading.default\">\n\t\t\t\t<div class=\"elementor-widget-container\">\n\t\t\t\t\t<h5 class=\"elementor-heading-title elementor-size-default\">H\u00f4tel 4 \u00e9toiles pour un s\u00e9jour \u00e0 Diano Marina<\/h5>\t\t\t\t<\/div>\n\t\t\t\t<\/div>\n\t\t\t\t<div class=\"elementor-element elementor-element-ce804ec elementor-widget elementor-widget-heading\" data-id=\"ce804ec\" data-element_type=\"widget\" data-e-type=\"widget\" data-widget_type=\"heading.default\">\n\t\t\t\t<div class=\"elementor-widget-container\">\n\t\t\t\t\t<h2 class=\"elementor-heading-title elementor-size-default\">Emplacement id\u00e9al sur le Golfe Dianese<\/h2>\t\t\t\t<\/div>\n\t\t\t\t<\/div>\n\t\t\t\t<div class=\"elementor-element elementor-element-8bd7360 elementor-widget elementor-widget-heading\" data-id=\"8bd7360\" data-element_type=\"widget\" data-e-type=\"widget\" data-widget_type=\"heading.default\">\n\t\t\t\t<div class=\"elementor-widget-container\">\n\t\t\t\t\t<p class=\"elementor-heading-title elementor-size-default\">L\u2019H\u00f4tel Bellevue et M\u00e9diterran\u00e9e est situ\u00e9 directement en bord de mer \u00e0 Diano Marina, en Ligurie. L\u2019\u00e9tablissement offre une vue panoramique sur le Golfe Dianese et est facilement accessible depuis le centre\u2011ville. Les h\u00f4tes peuvent acc\u00e9der ais\u00e9ment \u00e0 la plage priv\u00e9e et aux piscines gr\u00e2ce aux ascenseurs ou aux escaliers. <\/p>\t\t\t\t<\/div>\n\t\t\t\t<\/div>\n\t\t\t\t<div class=\"elementor-element elementor-element-1e1ca43 elementor-align-left elementor-tablet-align-center elementor-widget elementor-widget-button\" data-id=\"1e1ca43\" data-element_type=\"widget\" data-e-type=\"widget\" data-widget_type=\"button.default\">\n\t\t\t\t<div class=\"elementor-widget-container\">\n\t\t\t\t\t\t\t\t\t<div class=\"elementor-button-wrapper\">\n\t\t\t\t\t<a class=\"elementor-button elementor-button-link elementor-size-sm elementor-animation-shrink\" href=\"#elementor-action%3Aaction%3Doff_canvas%3Aopen%26settings%3DeyJpZCI6ImMzYzU0YjEiLCJkaXNwbGF5TW9kZSI6Im9wZW4ifQ%3D%3D\">\n\t\t\t\t\t\t<span class=\"elementor-button-content-wrapper\">\n\t\t\t\t\t\t\t\t\t<span class=\"elementor-button-text\">D\u00e9couvrez notre \u00e9tablissement<\/span>\n\t\t\t\t\t<\/span>\n\t\t\t\t\t<\/a>\n\t\t\t\t<\/div>\n\t\t\t\t\t\t\t\t<\/div>\n\t\t\t\t<\/div>\n\t\t\t\t<div class=\"elementor-element elementor-element-c3c54b1 elementor-widget elementor-widget-off-canvas\" data-id=\"c3c54b1\" data-element_type=\"widget\" data-e-type=\"widget\" data-settings=\"{&quot;entrance_animation_mobile&quot;:&quot;fadeIn&quot;,&quot;exit_animation_mobile&quot;:&quot;fadeIn&quot;,&quot;prevent_scroll&quot;:&quot;yes&quot;}\" data-widget_type=\"off-canvas.default\">\n\t\t\t\t<div class=\"elementor-widget-container\">\n\t\t\t\t\t\t\t<div id=\"off-canvas-c3c54b1\" class=\"e-off-canvas\" role=\"dialog\" aria-hidden=\"true\" aria-label=\"Off-Canvas\" aria-modal=\"true\" inert=\"\" data-delay-child-handlers=\"true\">\n\t\t\t<div class=\"e-off-canvas__overlay\"><\/div>\n\t\t\t<div class=\"e-off-canvas__main\">\n\t\t\t\t<div class=\"e-off-canvas__content\">\n\t\t\t\t\t<div class=\"elementor-element elementor-element-3fbcb10 e-con-full e-flex e-con e-child\" data-id=\"3fbcb10\" data-element_type=\"container\" data-e-type=\"container\">\n\t\t<div class=\"elementor-element elementor-element-63c103f e-con-full e-flex e-con e-child\" data-id=\"63c103f\" data-element_type=\"container\" data-e-type=\"container\">\n\t\t\t\t<div class=\"elementor-element elementor-element-475ad6d elementor-cta--valign-middle elementor-cta--skin-classic elementor-animated-content elementor-bg-transform elementor-bg-transform-zoom-in elementor-widget elementor-widget-call-to-action\" data-id=\"475ad6d\" data-element_type=\"widget\" data-e-type=\"widget\" data-widget_type=\"call-to-action.default\">\n\t\t\t\t<div class=\"elementor-widget-container\">\n\t\t\t\t\t\t\t<a class=\"elementor-cta\" href=\"https:\/\/www.bellevueetmediterranee.it\/la-nostra-storia\/\">\n\t\t\t\t\t<div class=\"elementor-cta__bg-wrapper\">\n\t\t\t\t<div class=\"elementor-cta__bg elementor-bg\" style=\"background-image: url(https:\/\/www.bellevueetmediterranee.it\/wp-content\/uploads\/2025\/05\/Bellevue_08-23-45-scaled.jpg);\" role=\"img\" aria-label=\"Bellevue_08-23-45\"><\/div>\n\t\t\t\t<div class=\"elementor-cta__bg-overlay\"><\/div>\n\t\t\t<\/div>\n\t\t\t\t\t\t\t<div class=\"elementor-cta__content\">\n\t\t\t\t\n\t\t\t\t\t\t\t\t\t<h2 class=\"elementor-cta__title elementor-cta__content-item elementor-content-item\">\n\t\t\t\t\t\tL\u2019histoire de l\u2019h\u00f4tel\t\t\t\t\t<\/h2>\n\t\t\t\t\n\t\t\t\t\n\t\t\t\t\t\t\t\t\t<div class=\"elementor-cta__button-wrapper elementor-cta__content-item elementor-content-item \">\n\t\t\t\t\t<span class=\"elementor-cta__button elementor-button elementor-size-\">\n\t\t\t\t\t\tEn savoir plus\t\t\t\t\t<\/span>\n\t\t\t\t\t<\/div>\n\t\t\t\t\t\t\t<\/div>\n\t\t\t\t\t\t<\/a>\n\t\t\t\t\t\t<\/div>\n\t\t\t\t<\/div>\n\t\t\t\t<\/div>\n\t\t<div class=\"elementor-element elementor-element-5944d46 e-flex e-con-boxed e-con e-child\" data-id=\"5944d46\" data-element_type=\"container\" data-e-type=\"container\">\n\t\t\t\t\t<div class=\"e-con-inner\">\n\t\t\t\t<div class=\"elementor-element elementor-element-aba3100 elementor-cta--valign-middle elementor-cta--skin-classic elementor-animated-content elementor-bg-transform elementor-bg-transform-zoom-in elementor-widget elementor-widget-call-to-action\" data-id=\"aba3100\" data-element_type=\"widget\" data-e-type=\"widget\" data-widget_type=\"call-to-action.default\">\n\t\t\t\t<div class=\"elementor-widget-container\">\n\t\t\t\t\t\t\t<a class=\"elementor-cta\" href=\"https:\/\/www.bellevueetmediterranee.it\/le-camere\/\">\n\t\t\t\t\t<div class=\"elementor-cta__bg-wrapper\">\n\t\t\t\t<div class=\"elementor-cta__bg elementor-bg\" style=\"background-image: url(https:\/\/www.bellevueetmediterranee.it\/wp-content\/uploads\/2025\/04\/Superior-con-Terrazzo-100-scaled.jpg);\" role=\"img\" aria-label=\"Superior con Terrazzo-100\"><\/div>\n\t\t\t\t<div class=\"elementor-cta__bg-overlay\"><\/div>\n\t\t\t<\/div>\n\t\t\t\t\t\t\t<div class=\"elementor-cta__content\">\n\t\t\t\t\n\t\t\t\t\t\t\t\t\t<h2 class=\"elementor-cta__title elementor-cta__content-item elementor-content-item\">\n\t\t\t\t\t\tLes chambres\t\t\t\t\t<\/h2>\n\t\t\t\t\n\t\t\t\t\n\t\t\t\t\t\t\t\t\t<div class=\"elementor-cta__button-wrapper elementor-cta__content-item elementor-content-item \">\n\t\t\t\t\t<span class=\"elementor-cta__button elementor-button elementor-size-\">\n\t\t\t\t\t\tEn savoir plus\t\t\t\t\t<\/span>\n\t\t\t\t\t<\/div>\n\t\t\t\t\t\t\t<\/div>\n\t\t\t\t\t\t<\/a>\n\t\t\t\t\t\t<\/div>\n\t\t\t\t<\/div>\n\t\t\t\t\t<\/div>\n\t\t\t\t<\/div>\n\t\t\t\t<\/div>\n\t\t\t\t\t\t<\/div>\n\t\t\t<\/div>\n\t\t<\/div>\n\t\t\t\t\t\t<\/div>\n\t\t\t\t<\/div>\n\t\t\t\t<\/div>\n\t\t\t\t\t<\/div>\n\t\t\t\t<\/div>\n\t\t<div class=\"elementor-element elementor-element-5af5bde e-flex e-con-boxed e-con e-parent\" data-id=\"5af5bde\" data-element_type=\"container\" data-e-type=\"container\">\n\t\t\t\t\t<div class=\"e-con-inner\">\n\t\t\t\t<div class=\"elementor-element elementor-element-85ce50c elementor-widget elementor-widget-heading\" data-id=\"85ce50c\" data-element_type=\"widget\" data-e-type=\"widget\" data-widget_type=\"heading.default\">\n\t\t\t\t<div class=\"elementor-widget-container\">\n\t\t\t\t\t<h2 class=\"elementor-heading-title elementor-size-default\">Camere e Suite con Vista Mare<\/h2>\t\t\t\t<\/div>\n\t\t\t\t<\/div>\n\t\t\t\t<div class=\"elementor-element elementor-element-73136ca elementor-widget elementor-widget-text-editor\" data-id=\"73136ca\" data-element_type=\"widget\" data-e-type=\"widget\" data-widget_type=\"text-editor.default\">\n\t\t\t\t<div class=\"elementor-widget-container\">\n\t\t\t\t\t\t\t\t\t<p><span class=\"relative -mx-px my-[-0.2rem] rounded px-px py-[0.2rem] transition-colors duration-100 ease-in-out\">Les chambres de l\u2019h\u00f4tel sont \u00e9quip\u00e9es d\u2019un balcon ou d\u2019une terrasse, certaines avec vue frontale sur la mer, vue lat\u00e9rale ou vue sur la ville.<\/span> <span class=\"relative -mx-px my-[-0.2rem] rounded px-px py-[0.2rem] transition-colors duration-100 ease-in-out\">Toutes les chambres sont insonoris\u00e9es, climatis\u00e9es et \u00e9quip\u00e9es du Wi\u2011Fi gratuit.<\/span> <span class=\"relative -mx-px my-[-0.2rem] rounded px-px py-[0.2rem] transition-colors duration-100 ease-in-out\">Les cat\u00e9gories disponibles incluent des chambres simples, doubles, communicantes et des suites, id\u00e9ales pour les couples, les familles et les groupes.<\/span><\/p>\t\t\t\t\t\t\t\t<\/div>\n\t\t\t\t<\/div>\n\t\t\t\t\t<\/div>\n\t\t\t\t<\/div>\n\t\t<div class=\"elementor-element elementor-element-a62b78d e-con-full e-flex e-con e-parent\" data-id=\"a62b78d\" data-element_type=\"container\" data-e-type=\"container\">\n\t\t<div class=\"elementor-element elementor-element-29a06f3 e-con-full e-flex e-con e-child\" data-id=\"29a06f3\" data-element_type=\"container\" data-e-type=\"container\" data-settings=\"{&quot;background_background&quot;:&quot;classic&quot;}\">\n\t\t\t\t<\/div>\n\t\t<div class=\"elementor-element elementor-element-44fb9b9 e-con-full e-flex e-con e-child\" data-id=\"44fb9b9\" data-element_type=\"container\" data-e-type=\"container\" data-settings=\"{&quot;background_background&quot;:&quot;classic&quot;}\">\n\t\t\t\t<div class=\"elementor-element elementor-element-d192168 elementor-widget elementor-widget-heading\" data-id=\"d192168\" data-element_type=\"widget\" data-e-type=\"widget\" data-widget_type=\"heading.default\">\n\t\t\t\t<div class=\"elementor-widget-container\">\n\t\t\t\t\t<h2 class=\"elementor-heading-title elementor-size-default\">Junior Suite<\/h2>\t\t\t\t<\/div>\n\t\t\t\t<\/div>\n\t\t\t\t<div class=\"elementor-element elementor-element-0b3d9c5 elementor-widget-divider--view-line elementor-widget elementor-widget-divider\" data-id=\"0b3d9c5\" data-element_type=\"widget\" data-e-type=\"widget\" data-widget_type=\"divider.default\">\n\t\t\t\t<div class=\"elementor-widget-container\">\n\t\t\t\t\t\t\t<div class=\"elementor-divider\">\n\t\t\t<span class=\"elementor-divider-separator\">\n\t\t\t\t\t\t<\/span>\n\t\t<\/div>\n\t\t\t\t\t\t<\/div>\n\t\t\t\t<\/div>\n\t\t\t\t<div class=\"elementor-element elementor-element-c50adae elementor-align-center elementor-icon-list--layout-traditional elementor-list-item-link-full_width elementor-widget elementor-widget-icon-list\" data-id=\"c50adae\" data-element_type=\"widget\" data-e-type=\"widget\" data-widget_type=\"icon-list.default\">\n\t\t\t\t<div class=\"elementor-widget-container\">\n\t\t\t\t\t\t\t<ul class=\"elementor-icon-list-items\">\n\t\t\t\t\t\t\t<li class=\"elementor-icon-list-item\">\n\t\t\t\t\t\t\t\t\t\t\t<span class=\"elementor-icon-list-icon\">\n\t\t\t\t\t\t\t<i aria-hidden=\"true\" class=\"mdi mdi-floor-plan\"><\/i>\t\t\t\t\t\t<\/span>\n\t\t\t\t\t\t\t\t\t\t<span class=\"elementor-icon-list-text\">22 m2<\/span>\n\t\t\t\t\t\t\t\t\t<\/li>\n\t\t\t\t\t\t\t\t<li class=\"elementor-icon-list-item\">\n\t\t\t\t\t\t\t\t\t\t\t<span class=\"elementor-icon-list-icon\">\n\t\t\t\t\t\t\t<i aria-hidden=\"true\" class=\"icons icon-people\"><\/i>\t\t\t\t\t\t<\/span>\n\t\t\t\t\t\t\t\t\t\t<span class=\"elementor-icon-list-text\">2 H\u00f4tes<\/span>\n\t\t\t\t\t\t\t\t\t<\/li>\n\t\t\t\t\t\t<\/ul>\n\t\t\t\t\t\t<\/div>\n\t\t\t\t<\/div>\n\t\t\t\t<div class=\"elementor-element elementor-element-47f2d4b elementor-widget-divider--view-line elementor-widget elementor-widget-divider\" data-id=\"47f2d4b\" data-element_type=\"widget\" data-e-type=\"widget\" data-widget_type=\"divider.default\">\n\t\t\t\t<div class=\"elementor-widget-container\">\n\t\t\t\t\t\t\t<div class=\"elementor-divider\">\n\t\t\t<span class=\"elementor-divider-separator\">\n\t\t\t\t\t\t<\/span>\n\t\t<\/div>\n\t\t\t\t\t\t<\/div>\n\t\t\t\t<\/div>\n\t\t\t\t<div class=\"elementor-element elementor-element-c6b01b4 elementor-widget elementor-widget-text-editor\" data-id=\"c6b01b4\" data-element_type=\"widget\" data-e-type=\"widget\" data-widget_type=\"text-editor.default\">\n\t\t\t\t<div class=\"elementor-widget-container\">\n\t\t\t\t\t\t\t\t\t<p>Chaque Junior Suite dispose d\u2019une grande terrasse offrant une splendide vue sur le golfe Dianese, un v\u00e9ritable panorama \u00e0 couper le souffle. Le s\u00e9jour est int\u00e9gr\u00e9 \u00e0 la zone nuit et la salle de bain est \u00e9quip\u00e9e d\u2019une douche. <\/p>\t\t\t\t\t\t\t\t<\/div>\n\t\t\t\t<\/div>\n\t\t\t\t<\/div>\n\t\t<div class=\"elementor-element elementor-element-2da81e8 e-con-full e-flex e-con e-child\" data-id=\"2da81e8\" data-element_type=\"container\" data-e-type=\"container\" data-settings=\"{&quot;background_background&quot;:&quot;classic&quot;}\">\n\t\t\t\t<\/div>\n\t\t<div class=\"elementor-element elementor-element-90225de e-con-full e-flex e-con e-child\" data-id=\"90225de\" data-element_type=\"container\" data-e-type=\"container\" data-settings=\"{&quot;background_background&quot;:&quot;classic&quot;}\">\n\t\t\t\t<div class=\"elementor-element elementor-element-328bb40 elementor-widget elementor-widget-heading\" data-id=\"328bb40\" data-element_type=\"widget\" data-e-type=\"widget\" data-widget_type=\"heading.default\">\n\t\t\t\t<div class=\"elementor-widget-container\">\n\t\t\t\t\t<h2 class=\"elementor-heading-title elementor-size-default\">Superior avec<br>terrasse<\/h2>\t\t\t\t<\/div>\n\t\t\t\t<\/div>\n\t\t\t\t<div class=\"elementor-element elementor-element-4a1590f elementor-widget-divider--view-line elementor-widget elementor-widget-divider\" data-id=\"4a1590f\" data-element_type=\"widget\" data-e-type=\"widget\" data-widget_type=\"divider.default\">\n\t\t\t\t<div class=\"elementor-widget-container\">\n\t\t\t\t\t\t\t<div class=\"elementor-divider\">\n\t\t\t<span class=\"elementor-divider-separator\">\n\t\t\t\t\t\t<\/span>\n\t\t<\/div>\n\t\t\t\t\t\t<\/div>\n\t\t\t\t<\/div>\n\t\t\t\t<div class=\"elementor-element elementor-element-e46de72 elementor-align-center elementor-icon-list--layout-traditional elementor-list-item-link-full_width elementor-widget elementor-widget-icon-list\" data-id=\"e46de72\" data-element_type=\"widget\" data-e-type=\"widget\" data-widget_type=\"icon-list.default\">\n\t\t\t\t<div class=\"elementor-widget-container\">\n\t\t\t\t\t\t\t<ul class=\"elementor-icon-list-items\">\n\t\t\t\t\t\t\t<li class=\"elementor-icon-list-item\">\n\t\t\t\t\t\t\t\t\t\t\t<span class=\"elementor-icon-list-icon\">\n\t\t\t\t\t\t\t<i aria-hidden=\"true\" class=\"mdi mdi-floor-plan\"><\/i>\t\t\t\t\t\t<\/span>\n\t\t\t\t\t\t\t\t\t\t<span class=\"elementor-icon-list-text\">17 m2<\/span>\n\t\t\t\t\t\t\t\t\t<\/li>\n\t\t\t\t\t\t\t\t<li class=\"elementor-icon-list-item\">\n\t\t\t\t\t\t\t\t\t\t\t<span class=\"elementor-icon-list-icon\">\n\t\t\t\t\t\t\t<i aria-hidden=\"true\" class=\"icons icon-people\"><\/i>\t\t\t\t\t\t<\/span>\n\t\t\t\t\t\t\t\t\t\t<span class=\"elementor-icon-list-text\">2 H\u00f4tes<\/span>\n\t\t\t\t\t\t\t\t\t<\/li>\n\t\t\t\t\t\t<\/ul>\n\t\t\t\t\t\t<\/div>\n\t\t\t\t<\/div>\n\t\t\t\t<div class=\"elementor-element elementor-element-70d35fc elementor-widget-divider--view-line elementor-widget elementor-widget-divider\" data-id=\"70d35fc\" data-element_type=\"widget\" data-e-type=\"widget\" data-widget_type=\"divider.default\">\n\t\t\t\t<div class=\"elementor-widget-container\">\n\t\t\t\t\t\t\t<div class=\"elementor-divider\">\n\t\t\t<span class=\"elementor-divider-separator\">\n\t\t\t\t\t\t<\/span>\n\t\t<\/div>\n\t\t\t\t\t\t<\/div>\n\t\t\t\t<\/div>\n\t\t\t\t<div class=\"elementor-element elementor-element-e5cdee3 elementor-widget elementor-widget-text-editor\" data-id=\"e5cdee3\" data-element_type=\"widget\" data-e-type=\"widget\" data-widget_type=\"text-editor.default\">\n\t\t\t\t<div class=\"elementor-widget-container\">\n\t\t\t\t\t\t\t\t\t<p>Chaque chambre Superior avec terrasse est confortable et spacieuse, offrant une magnifique vue frontale sur la mer. La salle de bain est \u00e9quip\u00e9e d\u2019une douche. <\/p>\t\t\t\t\t\t\t\t<\/div>\n\t\t\t\t<\/div>\n\t\t\t\t<\/div>\n\t\t<div class=\"elementor-element elementor-element-7ccd482 e-con-full e-flex e-con e-child\" data-id=\"7ccd482\" data-element_type=\"container\" data-e-type=\"container\" data-settings=\"{&quot;background_background&quot;:&quot;classic&quot;}\">\n\t\t\t\t<div class=\"elementor-element elementor-element-694729f elementor-widget elementor-widget-heading\" data-id=\"694729f\" data-element_type=\"widget\" data-e-type=\"widget\" data-widget_type=\"heading.default\">\n\t\t\t\t<div class=\"elementor-widget-container\">\n\t\t\t\t\t<h2 class=\"elementor-heading-title elementor-size-default\">Chambre simple avec vue lat\u00e9rale sur la mer<\/h2>\t\t\t\t<\/div>\n\t\t\t\t<\/div>\n\t\t\t\t<div class=\"elementor-element elementor-element-3b0a8aa elementor-widget-divider--view-line elementor-widget elementor-widget-divider\" data-id=\"3b0a8aa\" data-element_type=\"widget\" data-e-type=\"widget\" data-widget_type=\"divider.default\">\n\t\t\t\t<div class=\"elementor-widget-container\">\n\t\t\t\t\t\t\t<div class=\"elementor-divider\">\n\t\t\t<span class=\"elementor-divider-separator\">\n\t\t\t\t\t\t<\/span>\n\t\t<\/div>\n\t\t\t\t\t\t<\/div>\n\t\t\t\t<\/div>\n\t\t\t\t<div class=\"elementor-element elementor-element-b2148ad elementor-align-center elementor-icon-list--layout-traditional elementor-list-item-link-full_width elementor-widget elementor-widget-icon-list\" data-id=\"b2148ad\" data-element_type=\"widget\" data-e-type=\"widget\" data-widget_type=\"icon-list.default\">\n\t\t\t\t<div class=\"elementor-widget-container\">\n\t\t\t\t\t\t\t<ul class=\"elementor-icon-list-items\">\n\t\t\t\t\t\t\t<li class=\"elementor-icon-list-item\">\n\t\t\t\t\t\t\t\t\t\t\t<span class=\"elementor-icon-list-icon\">\n\t\t\t\t\t\t\t<i aria-hidden=\"true\" class=\"mdi mdi-floor-plan\"><\/i>\t\t\t\t\t\t<\/span>\n\t\t\t\t\t\t\t\t\t\t<span class=\"elementor-icon-list-text\">9 m2<\/span>\n\t\t\t\t\t\t\t\t\t<\/li>\n\t\t\t\t\t\t\t\t<li class=\"elementor-icon-list-item\">\n\t\t\t\t\t\t\t\t\t\t\t<span class=\"elementor-icon-list-icon\">\n\t\t\t\t\t\t\t<i aria-hidden=\"true\" class=\"icons icon-people\"><\/i>\t\t\t\t\t\t<\/span>\n\t\t\t\t\t\t\t\t\t\t<span class=\"elementor-icon-list-text\">1 H\u00f4te<\/span>\n\t\t\t\t\t\t\t\t\t<\/li>\n\t\t\t\t\t\t<\/ul>\n\t\t\t\t\t\t<\/div>\n\t\t\t\t<\/div>\n\t\t\t\t<div class=\"elementor-element elementor-element-18bc52b elementor-widget-divider--view-line elementor-widget elementor-widget-divider\" data-id=\"18bc52b\" data-element_type=\"widget\" data-e-type=\"widget\" data-widget_type=\"divider.default\">\n\t\t\t\t<div class=\"elementor-widget-container\">\n\t\t\t\t\t\t\t<div class=\"elementor-divider\">\n\t\t\t<span class=\"elementor-divider-separator\">\n\t\t\t\t\t\t<\/span>\n\t\t<\/div>\n\t\t\t\t\t\t<\/div>\n\t\t\t\t<\/div>\n\t\t\t\t<div class=\"elementor-element elementor-element-96f25ca elementor-widget elementor-widget-text-editor\" data-id=\"96f25ca\" data-element_type=\"widget\" data-e-type=\"widget\" data-widget_type=\"text-editor.default\">\n\t\t\t\t<div class=\"elementor-widget-container\">\n\t\t\t\t\t\t\t\t\t<p>Chaque chambre simple avec vue lat\u00e9rale sur la mer dispose d\u2019un lit \u00e0 la fran\u00e7aise et d\u2019une grande terrasse offrant une splendide vue sur le golfe Dianese. La salle de bain est \u00e9quip\u00e9e d\u2019une douche. <\/p>\t\t\t\t\t\t\t\t<\/div>\n\t\t\t\t<\/div>\n\t\t\t\t<\/div>\n\t\t<div class=\"elementor-element elementor-element-b9b4f3d e-con-full e-flex e-con e-child\" data-id=\"b9b4f3d\" data-element_type=\"container\" data-e-type=\"container\" data-settings=\"{&quot;background_background&quot;:&quot;classic&quot;}\">\n\t\t\t\t<\/div>\n\t\t<div class=\"elementor-element elementor-element-6bbe695 e-con-full e-flex e-con e-child\" data-id=\"6bbe695\" data-element_type=\"container\" data-e-type=\"container\" data-settings=\"{&quot;background_background&quot;:&quot;classic&quot;}\">\n\t\t\t\t<div class=\"elementor-element elementor-element-ca83d86 elementor-widget elementor-widget-heading\" data-id=\"ca83d86\" data-element_type=\"widget\" data-e-type=\"widget\" data-widget_type=\"heading.default\">\n\t\t\t\t<div class=\"elementor-widget-container\">\n\t\t\t\t\t<h2 class=\"elementor-heading-title elementor-size-default\">Chambre triple avec vue lat\u00e9rale sur la mer<\/h2>\t\t\t\t<\/div>\n\t\t\t\t<\/div>\n\t\t\t\t<div class=\"elementor-element elementor-element-9b25cb9 elementor-widget-divider--view-line elementor-widget elementor-widget-divider\" data-id=\"9b25cb9\" data-element_type=\"widget\" data-e-type=\"widget\" data-widget_type=\"divider.default\">\n\t\t\t\t<div class=\"elementor-widget-container\">\n\t\t\t\t\t\t\t<div class=\"elementor-divider\">\n\t\t\t<span class=\"elementor-divider-separator\">\n\t\t\t\t\t\t<\/span>\n\t\t<\/div>\n\t\t\t\t\t\t<\/div>\n\t\t\t\t<\/div>\n\t\t\t\t<div class=\"elementor-element elementor-element-0eef668 elementor-align-center elementor-icon-list--layout-traditional elementor-list-item-link-full_width elementor-widget elementor-widget-icon-list\" data-id=\"0eef668\" data-element_type=\"widget\" data-e-type=\"widget\" data-widget_type=\"icon-list.default\">\n\t\t\t\t<div class=\"elementor-widget-container\">\n\t\t\t\t\t\t\t<ul class=\"elementor-icon-list-items\">\n\t\t\t\t\t\t\t<li class=\"elementor-icon-list-item\">\n\t\t\t\t\t\t\t\t\t\t\t<span class=\"elementor-icon-list-icon\">\n\t\t\t\t\t\t\t<i aria-hidden=\"true\" class=\"mdi mdi-floor-plan\"><\/i>\t\t\t\t\t\t<\/span>\n\t\t\t\t\t\t\t\t\t\t<span class=\"elementor-icon-list-text\">21 m2<\/span>\n\t\t\t\t\t\t\t\t\t<\/li>\n\t\t\t\t\t\t\t\t<li class=\"elementor-icon-list-item\">\n\t\t\t\t\t\t\t\t\t\t\t<span class=\"elementor-icon-list-icon\">\n\t\t\t\t\t\t\t<i aria-hidden=\"true\" class=\"icons icon-people\"><\/i>\t\t\t\t\t\t<\/span>\n\t\t\t\t\t\t\t\t\t\t<span class=\"elementor-icon-list-text\">3\u20134 H\u00f4tes<\/span>\n\t\t\t\t\t\t\t\t\t<\/li>\n\t\t\t\t\t\t<\/ul>\n\t\t\t\t\t\t<\/div>\n\t\t\t\t<\/div>\n\t\t\t\t<div class=\"elementor-element elementor-element-d892cbe elementor-widget-divider--view-line elementor-widget elementor-widget-divider\" data-id=\"d892cbe\" data-element_type=\"widget\" data-e-type=\"widget\" data-widget_type=\"divider.default\">\n\t\t\t\t<div class=\"elementor-widget-container\">\n\t\t\t\t\t\t\t<div class=\"elementor-divider\">\n\t\t\t<span class=\"elementor-divider-separator\">\n\t\t\t\t\t\t<\/span>\n\t\t<\/div>\n\t\t\t\t\t\t<\/div>\n\t\t\t\t<\/div>\n\t\t\t\t<div class=\"elementor-element elementor-element-df4ff35 elementor-widget elementor-widget-text-editor\" data-id=\"df4ff35\" data-element_type=\"widget\" data-e-type=\"widget\" data-widget_type=\"text-editor.default\">\n\t\t\t\t<div class=\"elementor-widget-container\">\n\t\t\t\t\t\t\t\t\t<p>Chaque chambre triple avec vue lat\u00e9rale sur la mer poss\u00e8de une entr\u00e9e unique et dispose d\u2019un balcon ou d\u2019une terrasse offrant une belle vue lat\u00e9rale sur la mer. La chambre double communique avec une chambre simple, elle aussi dot\u00e9e d\u2019un balcon ou d\u2019une terrasse. La salle de bain commune est \u00e9quip\u00e9e d\u2019une douche.  <\/p>\t\t\t\t\t\t\t\t<\/div>\n\t\t\t\t<\/div>\n\t\t\t\t<\/div>\n\t\t<div class=\"elementor-element elementor-element-fa4bc65 e-con-full e-flex e-con e-child\" data-id=\"fa4bc65\" data-element_type=\"container\" data-e-type=\"container\" data-settings=\"{&quot;background_background&quot;:&quot;classic&quot;}\">\n\t\t\t\t<\/div>\n\t\t\t\t<\/div>\n\t\t<div class=\"elementor-element elementor-element-7569d0a e-con-full e-flex e-con e-parent\" data-id=\"7569d0a\" data-element_type=\"container\" data-e-type=\"container\">\n\t\t\t\t<div class=\"elementor-element elementor-element-071c9db elementor-align-center elementor-tablet-align-center elementor-widget elementor-widget-button\" data-id=\"071c9db\" data-element_type=\"widget\" data-e-type=\"widget\" data-widget_type=\"button.default\">\n\t\t\t\t<div class=\"elementor-widget-container\">\n\t\t\t\t\t\t\t\t\t<div class=\"elementor-button-wrapper\">\n\t\t\t\t\t<a class=\"elementor-button elementor-button-link elementor-size-sm elementor-animation-shrink\" href=\"https:\/\/www.bellevueetmediterranee.it\/fr\/les-chambres\/\">\n\t\t\t\t\t\t<span class=\"elementor-button-content-wrapper\">\n\t\t\t\t\t\t\t\t\t<span class=\"elementor-button-text\">D\u00e9couvrez les autres chambres<\/span>\n\t\t\t\t\t<\/span>\n\t\t\t\t\t<\/a>\n\t\t\t\t<\/div>\n\t\t\t\t\t\t\t\t<\/div>\n\t\t\t\t<\/div>\n\t\t\t\t<\/div>\n\t\t<div class=\"elementor-element elementor-element-2c570b5 e-flex e-con-boxed e-con e-parent\" data-id=\"2c570b5\" data-element_type=\"container\" data-e-type=\"container\" data-settings=\"{&quot;background_background&quot;:&quot;classic&quot;}\">\n\t\t\t\t\t<div class=\"e-con-inner\">\n\t\t<div class=\"elementor-element elementor-element-2722279 e-con-full e-flex e-con e-child\" data-id=\"2722279\" data-element_type=\"container\" data-e-type=\"container\">\n\t\t\t\t<div class=\"elementor-element elementor-element-26dd4c5 elementor-widget elementor-widget-heading\" data-id=\"26dd4c5\" data-element_type=\"widget\" data-e-type=\"widget\" data-widget_type=\"heading.default\">\n\t\t\t\t<div class=\"elementor-widget-container\">\n\t\t\t\t\t<h5 class=\"elementor-heading-title elementor-size-default\">LES SERVICES DE L\u2019H\u00d4TEL BELLEVUE ET M\u00c9DITERRAN\u00c9E<\/h5>\t\t\t\t<\/div>\n\t\t\t\t<\/div>\n\t\t\t\t<div class=\"elementor-element elementor-element-f87afff elementor-widget elementor-widget-heading\" data-id=\"f87afff\" data-element_type=\"widget\" data-e-type=\"widget\" data-widget_type=\"heading.default\">\n\t\t\t\t<div class=\"elementor-widget-container\">\n\t\t\t\t\t<h2 class=\"elementor-heading-title elementor-size-default\">Services exclusifs pour des vacances parfaites<\/h2>\t\t\t\t<\/div>\n\t\t\t\t<\/div>\n\t\t<div class=\"elementor-element elementor-element-02a403b e-con-full e-flex e-con e-child\" data-id=\"02a403b\" data-element_type=\"container\" data-e-type=\"container\">\n\t\t<div class=\"elementor-element elementor-element-129f43d e-con-full e-flex e-con e-child\" data-id=\"129f43d\" data-element_type=\"container\" data-e-type=\"container\">\n\t\t\t\t<div class=\"elementor-element elementor-element-e1efe1e elementor-widget elementor-widget-image\" data-id=\"e1efe1e\" data-element_type=\"widget\" data-e-type=\"widget\" data-widget_type=\"image.default\">\n\t\t\t\t<div class=\"elementor-widget-container\">\n\t\t\t\t\t\t\t\t\t\t\t\t\t\t\t<img loading=\"lazy\" decoding=\"async\" width=\"512\" height=\"512\" src=\"https:\/\/www.bellevueetmediterranee.it\/wp-content\/uploads\/2025\/04\/sunbed_4816806.png\" class=\"elementor-animation-grow attachment-full size-full wp-image-23685\" alt=\"\" srcset=\"https:\/\/www.bellevueetmediterranee.it\/wp-content\/uploads\/2025\/04\/sunbed_4816806.png 512w, https:\/\/www.bellevueetmediterranee.it\/wp-content\/uploads\/2025\/04\/sunbed_4816806-300x300.png 300w, https:\/\/www.bellevueetmediterranee.it\/wp-content\/uploads\/2025\/04\/sunbed_4816806-150x150.png 150w, https:\/\/www.bellevueetmediterranee.it\/wp-content\/uploads\/2025\/04\/sunbed_4816806-100x100.png 100w\" sizes=\"(max-width: 512px) 100vw, 512px\" \/>\t\t\t\t\t\t\t\t\t\t\t\t\t\t\t<\/div>\n\t\t\t\t<\/div>\n\t\t\t\t<div class=\"elementor-element elementor-element-e06ee02 elementor-widget elementor-widget-heading\" data-id=\"e06ee02\" data-element_type=\"widget\" data-e-type=\"widget\" data-widget_type=\"heading.default\">\n\t\t\t\t<div class=\"elementor-widget-container\">\n\t\t\t\t\t<h5 class=\"elementor-heading-title elementor-size-default\">PLAGE<br>PRIV\u00c9E<\/h5>\t\t\t\t<\/div>\n\t\t\t\t<\/div>\n\t\t\t\t<\/div>\n\t\t<div class=\"elementor-element elementor-element-3f32807 e-con-full e-flex e-con e-child\" data-id=\"3f32807\" data-element_type=\"container\" data-e-type=\"container\">\n\t\t\t\t<div class=\"elementor-element elementor-element-1d739b8 elementor-widget elementor-widget-image\" data-id=\"1d739b8\" data-element_type=\"widget\" data-e-type=\"widget\" data-widget_type=\"image.default\">\n\t\t\t\t<div class=\"elementor-widget-container\">\n\t\t\t\t\t\t\t\t\t\t\t\t\t\t\t<img loading=\"lazy\" decoding=\"async\" width=\"512\" height=\"512\" src=\"https:\/\/www.bellevueetmediterranee.it\/wp-content\/uploads\/2025\/04\/dinner_754382.png\" class=\"elementor-animation-grow attachment-large size-large wp-image-23686\" alt=\"\" srcset=\"https:\/\/www.bellevueetmediterranee.it\/wp-content\/uploads\/2025\/04\/dinner_754382.png 512w, https:\/\/www.bellevueetmediterranee.it\/wp-content\/uploads\/2025\/04\/dinner_754382-300x300.png 300w, https:\/\/www.bellevueetmediterranee.it\/wp-content\/uploads\/2025\/04\/dinner_754382-150x150.png 150w, https:\/\/www.bellevueetmediterranee.it\/wp-content\/uploads\/2025\/04\/dinner_754382-100x100.png 100w\" sizes=\"(max-width: 512px) 100vw, 512px\" \/>\t\t\t\t\t\t\t\t\t\t\t\t\t\t\t<\/div>\n\t\t\t\t<\/div>\n\t\t\t\t<div class=\"elementor-element elementor-element-b6135b2 elementor-widget elementor-widget-heading\" data-id=\"b6135b2\" data-element_type=\"widget\" data-e-type=\"widget\" data-widget_type=\"heading.default\">\n\t\t\t\t<div class=\"elementor-widget-container\">\n\t\t\t\t\t<h5 class=\"elementor-heading-title elementor-size-default\">Restaurants panoramiques<\/h5>\t\t\t\t<\/div>\n\t\t\t\t<\/div>\n\t\t\t\t<\/div>\n\t\t<div class=\"elementor-element elementor-element-638db79 e-con-full e-flex e-con e-child\" data-id=\"638db79\" data-element_type=\"container\" data-e-type=\"container\">\n\t\t\t\t<div class=\"elementor-element elementor-element-eb6e987 elementor-widget elementor-widget-image\" data-id=\"eb6e987\" data-element_type=\"widget\" data-e-type=\"widget\" data-widget_type=\"image.default\">\n\t\t\t\t<div class=\"elementor-widget-container\">\n\t\t\t\t\t\t\t\t\t\t\t\t\t\t\t<img loading=\"lazy\" decoding=\"async\" width=\"512\" height=\"512\" src=\"https:\/\/www.bellevueetmediterranee.it\/wp-content\/uploads\/2025\/04\/parking.png\" class=\"elementor-animation-grow attachment-large size-large wp-image-23687\" alt=\"\" srcset=\"https:\/\/www.bellevueetmediterranee.it\/wp-content\/uploads\/2025\/04\/parking.png 512w, https:\/\/www.bellevueetmediterranee.it\/wp-content\/uploads\/2025\/04\/parking-300x300.png 300w, https:\/\/www.bellevueetmediterranee.it\/wp-content\/uploads\/2025\/04\/parking-150x150.png 150w, https:\/\/www.bellevueetmediterranee.it\/wp-content\/uploads\/2025\/04\/parking-100x100.png 100w\" sizes=\"(max-width: 512px) 100vw, 512px\" \/>\t\t\t\t\t\t\t\t\t\t\t\t\t\t\t<\/div>\n\t\t\t\t<\/div>\n\t\t\t\t<div class=\"elementor-element elementor-element-6ffe6dc elementor-widget elementor-widget-heading\" data-id=\"6ffe6dc\" data-element_type=\"widget\" data-e-type=\"widget\" data-widget_type=\"heading.default\">\n\t\t\t\t<div class=\"elementor-widget-container\">\n\t\t\t\t\t<h5 class=\"elementor-heading-title elementor-size-default\">Parking<br>priv\u00e9<\/h5>\t\t\t\t<\/div>\n\t\t\t\t<\/div>\n\t\t\t\t<\/div>\n\t\t<div class=\"elementor-element elementor-element-9aaf1a3 e-con-full e-flex e-con e-child\" data-id=\"9aaf1a3\" data-element_type=\"container\" data-e-type=\"container\">\n\t\t\t\t<div class=\"elementor-element elementor-element-bf109a9 elementor-widget elementor-widget-image\" data-id=\"bf109a9\" data-element_type=\"widget\" data-e-type=\"widget\" data-widget_type=\"image.default\">\n\t\t\t\t<div class=\"elementor-widget-container\">\n\t\t\t\t\t\t\t\t\t\t\t\t\t\t\t<img loading=\"lazy\" decoding=\"async\" width=\"512\" height=\"512\" src=\"https:\/\/www.bellevueetmediterranee.it\/wp-content\/uploads\/2025\/04\/dog.png\" class=\"elementor-animation-grow attachment-large size-large wp-image-23688\" alt=\"\" srcset=\"https:\/\/www.bellevueetmediterranee.it\/wp-content\/uploads\/2025\/04\/dog.png 512w, https:\/\/www.bellevueetmediterranee.it\/wp-content\/uploads\/2025\/04\/dog-300x300.png 300w, https:\/\/www.bellevueetmediterranee.it\/wp-content\/uploads\/2025\/04\/dog-150x150.png 150w, https:\/\/www.bellevueetmediterranee.it\/wp-content\/uploads\/2025\/04\/dog-100x100.png 100w\" sizes=\"(max-width: 512px) 100vw, 512px\" \/>\t\t\t\t\t\t\t\t\t\t\t\t\t\t\t<\/div>\n\t\t\t\t<\/div>\n\t\t\t\t<div class=\"elementor-element elementor-element-a4d5ed0 elementor-widget elementor-widget-heading\" data-id=\"a4d5ed0\" data-element_type=\"widget\" data-e-type=\"widget\" data-widget_type=\"heading.default\">\n\t\t\t\t<div class=\"elementor-widget-container\">\n\t\t\t\t\t<h5 class=\"elementor-heading-title elementor-size-default\">Pet\u2011friendly<\/h5>\t\t\t\t<\/div>\n\t\t\t\t<\/div>\n\t\t\t\t<\/div>\n\t\t\t\t<\/div>\n\t\t\t\t<\/div>\n\t\t\t\t<div class=\"elementor-element elementor-element-6c0c9d4 elementor-align-center elementor-tablet-align-center elementor-widget elementor-widget-button\" data-id=\"6c0c9d4\" data-element_type=\"widget\" data-e-type=\"widget\" data-widget_type=\"button.default\">\n\t\t\t\t<div class=\"elementor-widget-container\">\n\t\t\t\t\t\t\t\t\t<div class=\"elementor-button-wrapper\">\n\t\t\t\t\t<a class=\"elementor-button elementor-button-link elementor-size-sm elementor-animation-shrink\" href=\"https:\/\/www.bellevueetmediterranee.it\/fr\/les-services\/\">\n\t\t\t\t\t\t<span class=\"elementor-button-content-wrapper\">\n\t\t\t\t\t\t\t\t\t<span class=\"elementor-button-text\">D\u00e9couvrez tous les services<\/span>\n\t\t\t\t\t<\/span>\n\t\t\t\t\t<\/a>\n\t\t\t\t<\/div>\n\t\t\t\t\t\t\t\t<\/div>\n\t\t\t\t<\/div>\n\t\t\t\t\t<\/div>\n\t\t\t\t<\/div>\n\t\t<div class=\"elementor-element elementor-element-3125fcb e-flex e-con-boxed e-con e-parent\" data-id=\"3125fcb\" data-element_type=\"container\" data-e-type=\"container\" data-settings=\"{&quot;background_background&quot;:&quot;classic&quot;}\">\n\t\t\t\t\t<div class=\"e-con-inner\">\n\t\t<div class=\"elementor-element elementor-element-343322d e-con-full e-flex e-con e-child\" data-id=\"343322d\" data-element_type=\"container\" data-e-type=\"container\">\n\t\t\t\t<div class=\"elementor-element elementor-element-f8f419f elementor-widget elementor-widget-heading\" data-id=\"f8f419f\" data-element_type=\"widget\" data-e-type=\"widget\" data-widget_type=\"heading.default\">\n\t\t\t\t<div class=\"elementor-widget-container\">\n\t\t\t\t\t<h5 class=\"elementor-heading-title elementor-size-default\">Une tradition familiale depuis 1950<\/h5>\t\t\t\t<\/div>\n\t\t\t\t<\/div>\n\t\t\t\t<div class=\"elementor-element elementor-element-6c57634 elementor-widget elementor-widget-heading\" data-id=\"6c57634\" data-element_type=\"widget\" data-e-type=\"widget\" data-widget_type=\"heading.default\">\n\t\t\t\t<div class=\"elementor-widget-container\">\n\t\t\t\t\t<h2 class=\"elementor-heading-title elementor-size-default\">Revivez avec nous l\u2019histoire du<br>Bellevue et M\u00e9diterran\u00e9e<\/h2>\t\t\t\t<\/div>\n\t\t\t\t<\/div>\n\t\t<div class=\"elementor-element elementor-element-de61e6c e-con-full e-flex e-con e-child\" data-id=\"de61e6c\" data-element_type=\"container\" data-e-type=\"container\">\n\t\t\t\t<div class=\"elementor-element elementor-element-642cfa9 elementor-widget__width-initial elementor-widget-tablet__width-inherit elementor-widget elementor-widget-text-editor\" data-id=\"642cfa9\" data-element_type=\"widget\" data-e-type=\"widget\" data-widget_type=\"text-editor.default\">\n\t\t\t\t<div class=\"elementor-widget-container\">\n\t\t\t\t\t\t\t\t\t<p class=\"\" data-start=\"265\" data-end=\"431\">Du c\u0153ur d\u2019une histoire d\u2019amour et de la passion pour l\u2019hospitalit\u00e9 est n\u00e9 l\u2019H\u00f4tel Bellevue et M\u00e9diterran\u00e9e, une r\u00e9f\u00e9rence de la Riviera ligure de Ponente.<\/p><p class=\"\" data-start=\"433\" data-end=\"656\">En 1950, Wanda Gorlero et Giuseppe Zago entament leur aventure en achetant l\u2019\u00ab\u202fAlbergo Moroso\u202f\u00bb. Depuis lors, gr\u00e2ce \u00e0 leur d\u00e9vouement et \u00e0 leur vision, l\u2019h\u00f4tel ne cesse de cro\u00eetre et d\u2019\u00e9voluer, devenant un symbole d\u2019accueil et de tradition. <\/p><p class=\"\" data-start=\"658\" data-end=\"914\">De la transformation en \u00ab\u202fHotel Bellevue\u202f\u00bb en 1952 jusqu\u2019\u00e0 l\u2019adoption d\u00e9finitive du nom \u00ab\u202fHotel Bellevue et M\u00e9diterran\u00e9e\u202f\u00bb en 1967, chaque \u00e9tape a \u00e9t\u00e9 marqu\u00e9e par des agrandissements, des r\u00e9novations et une innovation constante, toujours avec une attention particuli\u00e8re port\u00e9e au confort des h\u00f4tes.<\/p><p class=\"\" data-start=\"916\" data-end=\"1156\">Wanda Gorlero, l\u2019une des premi\u00e8res entrepreneuses du tourisme ligure, laur\u00e9ate du prix national \u00ab\u202fSignora dell\u2019Ospitalit\u00e0\u202f\u00bb et d\u00e9cor\u00e9e du titre de Commandeur, a laiss\u00e9 un h\u00e9ritage ind\u00e9l\u00e9bile fait de professionnalisme et d\u2019humanit\u00e9.<\/p><p class=\"\" data-start=\"1158\" data-end=\"1323\">Aujourd\u2019hui, nous, les petits\u2011enfants, poursuivons avec le m\u00eame enthousiasme le chemin entrepris par nos grands\u2011parents, en pr\u00e9servant vivantes leurs traditions et leur passion pour l\u2019accueil.<\/p>\t\t\t\t\t\t\t\t<\/div>\n\t\t\t\t<\/div>\n\t\t\t\t<div class=\"elementor-element elementor-element-8a30705 elementor-widget elementor-widget-image\" data-id=\"8a30705\" data-element_type=\"widget\" data-e-type=\"widget\" data-widget_type=\"image.default\">\n\t\t\t\t<div class=\"elementor-widget-container\">\n\t\t\t\t\t\t\t\t\t\t\t\t\t\t\t<img loading=\"lazy\" decoding=\"async\" width=\"800\" height=\"612\" src=\"https:\/\/www.bellevueetmediterranee.it\/wp-content\/uploads\/2025\/04\/wandazago-1024x783.jpg\" class=\"attachment-large size-large wp-image-23690\" alt=\"Depuis 1950, une histoire de famille et d\u2019hospitalit\u00e9 \u00e0 Diano Marina\u202f: d\u00e9couvrez les origines et l\u2019\u00e9volution de l\u2019H\u00f4tel Bellevue et M\u00e9diterran\u00e9e.\" srcset=\"https:\/\/www.bellevueetmediterranee.it\/wp-content\/uploads\/2025\/04\/wandazago-1024x783.jpg 1024w, https:\/\/www.bellevueetmediterranee.it\/wp-content\/uploads\/2025\/04\/wandazago-600x459.jpg 600w, https:\/\/www.bellevueetmediterranee.it\/wp-content\/uploads\/2025\/04\/wandazago-300x229.jpg 300w, https:\/\/www.bellevueetmediterranee.it\/wp-content\/uploads\/2025\/04\/wandazago-768x587.jpg 768w, https:\/\/www.bellevueetmediterranee.it\/wp-content\/uploads\/2025\/04\/wandazago.jpg 1239w\" sizes=\"(max-width: 800px) 100vw, 800px\" \/>\t\t\t\t\t\t\t\t\t\t\t\t\t\t\t<\/div>\n\t\t\t\t<\/div>\n\t\t\t\t<\/div>\n\t\t\t\t<\/div>\n\t\t<div class=\"elementor-element elementor-element-4ba8bdf e-con-full e-flex e-con e-child\" data-id=\"4ba8bdf\" data-element_type=\"container\" data-e-type=\"container\">\n\t\t\t\t<div class=\"elementor-element elementor-element-bd4e148 elementor-align-center elementor-tablet-align-center elementor-widget elementor-widget-button\" data-id=\"bd4e148\" data-element_type=\"widget\" data-e-type=\"widget\" data-widget_type=\"button.default\">\n\t\t\t\t<div class=\"elementor-widget-container\">\n\t\t\t\t\t\t\t\t\t<div class=\"elementor-button-wrapper\">\n\t\t\t\t\t<a class=\"elementor-button elementor-button-link elementor-size-sm elementor-animation-shrink\" href=\"https:\/\/www.bellevueetmediterranee.it\/fr\/notre-histoire\/\">\n\t\t\t\t\t\t<span class=\"elementor-button-content-wrapper\">\n\t\t\t\t\t\t\t\t\t<span class=\"elementor-button-text\">D\u00e9couvrez notre histoire<\/span>\n\t\t\t\t\t<\/span>\n\t\t\t\t\t<\/a>\n\t\t\t\t<\/div>\n\t\t\t\t\t\t\t\t<\/div>\n\t\t\t\t<\/div>\n\t\t\t\t<\/div>\n\t\t\t\t\t<\/div>\n\t\t\t\t<\/div>\n\t\t\t\t<\/div>\n\t\t","protected":false},"excerpt":{"rendered":"<p>H\u00f4tel de tradition sur la Riviera Ligure occidentale pour vos vacances en bord de mer \u00e0 Diano Marina H\u00f4tel 4 \u00e9toiles pour un s\u00e9jour \u00e0 Diano Marina Emplacement id\u00e9al sur le Golfe Dianese L\u2019H\u00f4tel Bellevue et M\u00e9diterran\u00e9e est situ\u00e9 directement en bord de mer \u00e0 Diano Marina, en Ligurie. L\u2019\u00e9tablissement offre une vue panoramique sur [&hellip;]<\/p>\n","protected":false},"author":1,"featured_media":23692,"parent":0,"menu_order":0,"comment_status":"closed","ping_status":"closed","template":"elementor_header_footer","meta":{"footnotes":""},"class_list":["post-23693","page","type-page","status-publish","has-post-thumbnail","hentry"],"yoast_head":"<!-- This site is optimized with the Yoast SEO plugin v27.5 - https:\/\/yoast.com\/product\/yoast-seo-wordpress\/ -->\n<title>H\u00f4tel en bord de mer \u00e0 Diano Marina | Bellevue et M\u00e9diterran\u00e9e<\/title>\n<meta name=\"description\" content=\"Hotel sul mare a Diano Marina con vista sul Golfo Dianese, spiaggia privata, piscina e camere con balcone. Prenota il tuo soggiorno.\" \/>\n<meta name=\"robots\" content=\"index, follow, max-snippet:-1, max-image-preview:large, max-video-preview:-1\" \/>\n<link rel=\"canonical\" href=\"https:\/\/www.bellevueetmediterranee.it\/fr\/\" \/>\n<meta property=\"og:locale\" content=\"fr_FR\" \/>\n<meta property=\"og:type\" content=\"article\" \/>\n<meta property=\"og:title\" content=\"H\u00f4tel en bord de mer \u00e0 Diano Marina | Bellevue et M\u00e9diterran\u00e9e\" \/>\n<meta property=\"og:description\" content=\"Hotel sul mare a Diano Marina con vista sul Golfo Dianese, spiaggia privata, piscina e camere con balcone. Prenota il tuo soggiorno.\" \/>\n<meta property=\"og:url\" content=\"https:\/\/www.bellevueetmediterranee.it\/fr\/\" \/>\n<meta property=\"og:site_name\" content=\"Hotel Bellevue et Mediterran\u00e9e\" \/>\n<meta property=\"article:modified_time\" content=\"2026-04-30T07:23:22+00:00\" \/>\n<meta property=\"og:image\" content=\"https:\/\/www.bellevueetmediterranee.it\/wp-content\/uploads\/2025\/06\/Progetto-senza-titolo.png\" \/>\n\t<meta property=\"og:image:width\" content=\"500\" \/>\n\t<meta property=\"og:image:height\" content=\"500\" \/>\n\t<meta property=\"og:image:type\" content=\"image\/png\" \/>\n<meta name=\"twitter:card\" content=\"summary_large_image\" \/>\n<meta name=\"twitter:label1\" content=\"Dur\u00e9e de lecture estim\u00e9e\" \/>\n\t<meta name=\"twitter:data1\" content=\"3 minutes\" \/>\n<script type=\"application\/ld+json\" class=\"yoast-schema-graph\">{\"@context\":\"https:\\\/\\\/schema.org\",\"@graph\":[{\"@type\":\"WebPage\",\"@id\":\"https:\\\/\\\/www.bellevueetmediterranee.it\\\/fr\\\/\",\"url\":\"https:\\\/\\\/www.bellevueetmediterranee.it\\\/fr\\\/\",\"name\":\"H\u00f4tel en bord de mer \u00e0 Diano Marina | Bellevue et M\u00e9diterran\u00e9e\",\"isPartOf\":{\"@id\":\"https:\\\/\\\/www.bellevueetmediterranee.it\\\/fr\\\/#website\"},\"primaryImageOfPage\":{\"@id\":\"https:\\\/\\\/www.bellevueetmediterranee.it\\\/fr\\\/#primaryimage\"},\"image\":{\"@id\":\"https:\\\/\\\/www.bellevueetmediterranee.it\\\/fr\\\/#primaryimage\"},\"thumbnailUrl\":\"https:\\\/\\\/www.bellevueetmediterranee.it\\\/wp-content\\\/uploads\\\/2025\\\/06\\\/Progetto-senza-titolo.png\",\"datePublished\":\"2021-03-25T10:16:37+00:00\",\"dateModified\":\"2026-04-30T07:23:22+00:00\",\"description\":\"Hotel sul mare a Diano Marina con vista sul Golfo Dianese, spiaggia privata, piscina e camere con balcone. Prenota il tuo soggiorno.\",\"breadcrumb\":{\"@id\":\"https:\\\/\\\/www.bellevueetmediterranee.it\\\/fr\\\/#breadcrumb\"},\"inLanguage\":\"fr-FR\",\"potentialAction\":[{\"@type\":\"ReadAction\",\"target\":[\"https:\\\/\\\/www.bellevueetmediterranee.it\\\/fr\\\/\"]}]},{\"@type\":\"ImageObject\",\"inLanguage\":\"fr-FR\",\"@id\":\"https:\\\/\\\/www.bellevueetmediterranee.it\\\/fr\\\/#primaryimage\",\"url\":\"https:\\\/\\\/www.bellevueetmediterranee.it\\\/wp-content\\\/uploads\\\/2025\\\/06\\\/Progetto-senza-titolo.png\",\"contentUrl\":\"https:\\\/\\\/www.bellevueetmediterranee.it\\\/wp-content\\\/uploads\\\/2025\\\/06\\\/Progetto-senza-titolo.png\",\"width\":500,\"height\":500,\"caption\":\"H\u00f4tel en bord de mer \u00e0 Diano Marina avec vue sur le golfe Dianese, plage priv\u00e9e, piscine et chambres avec balcon. R\u00e9servez votre s\u00e9jour.\"},{\"@type\":\"BreadcrumbList\",\"@id\":\"https:\\\/\\\/www.bellevueetmediterranee.it\\\/fr\\\/#breadcrumb\",\"itemListElement\":[{\"@type\":\"ListItem\",\"position\":1,\"name\":\"Home\",\"item\":\"https:\\\/\\\/www.bellevueetmediterranee.it\\\/fr\\\/\"},{\"@type\":\"ListItem\",\"position\":2,\"name\":\"Accueil\"}]},{\"@type\":\"WebSite\",\"@id\":\"https:\\\/\\\/www.bellevueetmediterranee.it\\\/fr\\\/#website\",\"url\":\"https:\\\/\\\/www.bellevueetmediterranee.it\\\/fr\\\/\",\"name\":\"Hotel Bellevue et Mediterran\u00e9e\",\"description\":\"\",\"publisher\":{\"@id\":\"https:\\\/\\\/www.bellevueetmediterranee.it\\\/fr\\\/#organization\"},\"potentialAction\":[{\"@type\":\"SearchAction\",\"target\":{\"@type\":\"EntryPoint\",\"urlTemplate\":\"https:\\\/\\\/www.bellevueetmediterranee.it\\\/fr\\\/?s={search_term_string}\"},\"query-input\":{\"@type\":\"PropertyValueSpecification\",\"valueRequired\":true,\"valueName\":\"search_term_string\"}}],\"inLanguage\":\"fr-FR\"},{\"@type\":\"Organization\",\"@id\":\"https:\\\/\\\/www.bellevueetmediterranee.it\\\/fr\\\/#organization\",\"name\":\"Hotel Bellevue et Mediterran\u00e9e\",\"url\":\"https:\\\/\\\/www.bellevueetmediterranee.it\\\/fr\\\/\",\"logo\":{\"@type\":\"ImageObject\",\"inLanguage\":\"fr-FR\",\"@id\":\"https:\\\/\\\/www.bellevueetmediterranee.it\\\/fr\\\/#\\\/schema\\\/logo\\\/image\\\/\",\"url\":\"https:\\\/\\\/www.bellevueetmediterranee.it\\\/wp-content\\\/uploads\\\/2025\\\/06\\\/cropped-Progetto-senza-titolo.png\",\"contentUrl\":\"https:\\\/\\\/www.bellevueetmediterranee.it\\\/wp-content\\\/uploads\\\/2025\\\/06\\\/cropped-Progetto-senza-titolo.png\",\"width\":512,\"height\":512,\"caption\":\"Hotel Bellevue et Mediterran\u00e9e\"},\"image\":{\"@id\":\"https:\\\/\\\/www.bellevueetmediterranee.it\\\/fr\\\/#\\\/schema\\\/logo\\\/image\\\/\"}}]}<\/script>\n<!-- \/ Yoast SEO plugin. -->","yoast_head_json":{"title":"H\u00f4tel en bord de mer \u00e0 Diano Marina | Bellevue et M\u00e9diterran\u00e9e","description":"Hotel sul mare a Diano Marina con vista sul Golfo Dianese, spiaggia privata, piscina e camere con balcone. Prenota il tuo soggiorno.","robots":{"index":"index","follow":"follow","max-snippet":"max-snippet:-1","max-image-preview":"max-image-preview:large","max-video-preview":"max-video-preview:-1"},"canonical":"https:\/\/www.bellevueetmediterranee.it\/fr\/","og_locale":"fr_FR","og_type":"article","og_title":"H\u00f4tel en bord de mer \u00e0 Diano Marina | Bellevue et M\u00e9diterran\u00e9e","og_description":"Hotel sul mare a Diano Marina con vista sul Golfo Dianese, spiaggia privata, piscina e camere con balcone. Prenota il tuo soggiorno.","og_url":"https:\/\/www.bellevueetmediterranee.it\/fr\/","og_site_name":"Hotel Bellevue et Mediterran\u00e9e","article_modified_time":"2026-04-30T07:23:22+00:00","og_image":[{"width":500,"height":500,"url":"https:\/\/www.bellevueetmediterranee.it\/wp-content\/uploads\/2025\/06\/Progetto-senza-titolo.png","type":"image\/png"}],"twitter_card":"summary_large_image","twitter_misc":{"Dur\u00e9e de lecture estim\u00e9e":"3 minutes"},"schema":{"@context":"https:\/\/schema.org","@graph":[{"@type":"WebPage","@id":"https:\/\/www.bellevueetmediterranee.it\/fr\/","url":"https:\/\/www.bellevueetmediterranee.it\/fr\/","name":"H\u00f4tel en bord de mer \u00e0 Diano Marina | Bellevue et M\u00e9diterran\u00e9e","isPartOf":{"@id":"https:\/\/www.bellevueetmediterranee.it\/fr\/#website"},"primaryImageOfPage":{"@id":"https:\/\/www.bellevueetmediterranee.it\/fr\/#primaryimage"},"image":{"@id":"https:\/\/www.bellevueetmediterranee.it\/fr\/#primaryimage"},"thumbnailUrl":"https:\/\/www.bellevueetmediterranee.it\/wp-content\/uploads\/2025\/06\/Progetto-senza-titolo.png","datePublished":"2021-03-25T10:16:37+00:00","dateModified":"2026-04-30T07:23:22+00:00","description":"Hotel sul mare a Diano Marina con vista sul Golfo Dianese, spiaggia privata, piscina e camere con balcone. Prenota il tuo soggiorno.","breadcrumb":{"@id":"https:\/\/www.bellevueetmediterranee.it\/fr\/#breadcrumb"},"inLanguage":"fr-FR","potentialAction":[{"@type":"ReadAction","target":["https:\/\/www.bellevueetmediterranee.it\/fr\/"]}]},{"@type":"ImageObject","inLanguage":"fr-FR","@id":"https:\/\/www.bellevueetmediterranee.it\/fr\/#primaryimage","url":"https:\/\/www.bellevueetmediterranee.it\/wp-content\/uploads\/2025\/06\/Progetto-senza-titolo.png","contentUrl":"https:\/\/www.bellevueetmediterranee.it\/wp-content\/uploads\/2025\/06\/Progetto-senza-titolo.png","width":500,"height":500,"caption":"H\u00f4tel en bord de mer \u00e0 Diano Marina avec vue sur le golfe Dianese, plage priv\u00e9e, piscine et chambres avec balcon. R\u00e9servez votre s\u00e9jour."},{"@type":"BreadcrumbList","@id":"https:\/\/www.bellevueetmediterranee.it\/fr\/#breadcrumb","itemListElement":[{"@type":"ListItem","position":1,"name":"Home","item":"https:\/\/www.bellevueetmediterranee.it\/fr\/"},{"@type":"ListItem","position":2,"name":"Accueil"}]},{"@type":"WebSite","@id":"https:\/\/www.bellevueetmediterranee.it\/fr\/#website","url":"https:\/\/www.bellevueetmediterranee.it\/fr\/","name":"Hotel Bellevue et Mediterran\u00e9e","description":"","publisher":{"@id":"https:\/\/www.bellevueetmediterranee.it\/fr\/#organization"},"potentialAction":[{"@type":"SearchAction","target":{"@type":"EntryPoint","urlTemplate":"https:\/\/www.bellevueetmediterranee.it\/fr\/?s={search_term_string}"},"query-input":{"@type":"PropertyValueSpecification","valueRequired":true,"valueName":"search_term_string"}}],"inLanguage":"fr-FR"},{"@type":"Organization","@id":"https:\/\/www.bellevueetmediterranee.it\/fr\/#organization","name":"Hotel Bellevue et Mediterran\u00e9e","url":"https:\/\/www.bellevueetmediterranee.it\/fr\/","logo":{"@type":"ImageObject","inLanguage":"fr-FR","@id":"https:\/\/www.bellevueetmediterranee.it\/fr\/#\/schema\/logo\/image\/","url":"https:\/\/www.bellevueetmediterranee.it\/wp-content\/uploads\/2025\/06\/cropped-Progetto-senza-titolo.png","contentUrl":"https:\/\/www.bellevueetmediterranee.it\/wp-content\/uploads\/2025\/06\/cropped-Progetto-senza-titolo.png","width":512,"height":512,"caption":"Hotel Bellevue et Mediterran\u00e9e"},"image":{"@id":"https:\/\/www.bellevueetmediterranee.it\/fr\/#\/schema\/logo\/image\/"}}]}},"_links":{"self":[{"href":"https:\/\/www.bellevueetmediterranee.it\/fr\/wp-json\/wp\/v2\/pages\/23693","targetHints":{"allow":["GET"]}}],"collection":[{"href":"https:\/\/www.bellevueetmediterranee.it\/fr\/wp-json\/wp\/v2\/pages"}],"about":[{"href":"https:\/\/www.bellevueetmediterranee.it\/fr\/wp-json\/wp\/v2\/types\/page"}],"author":[{"embeddable":true,"href":"https:\/\/www.bellevueetmediterranee.it\/fr\/wp-json\/wp\/v2\/users\/1"}],"replies":[{"embeddable":true,"href":"https:\/\/www.bellevueetmediterranee.it\/fr\/wp-json\/wp\/v2\/comments?post=23693"}],"version-history":[{"count":2,"href":"https:\/\/www.bellevueetmediterranee.it\/fr\/wp-json\/wp\/v2\/pages\/23693\/revisions"}],"predecessor-version":[{"id":24122,"href":"https:\/\/www.bellevueetmediterranee.it\/fr\/wp-json\/wp\/v2\/pages\/23693\/revisions\/24122"}],"wp:featuredmedia":[{"embeddable":true,"href":"https:\/\/www.bellevueetmediterranee.it\/fr\/wp-json\/wp\/v2\/media\/23692"}],"wp:attachment":[{"href":"https:\/\/www.bellevueetmediterranee.it\/fr\/wp-json\/wp\/v2\/media?parent=23693"}],"curies":[{"name":"wp","href":"https:\/\/api.w.org\/{rel}","templated":true}]}}